{"version":"1.0","provider_name":"EmeskeRemeke","provider_url":"https:\/\/emeskeremeke.cafeblog.hu","author_name":"EmeskeRemeke","author_url":"https:\/\/emeskeremeke.cafeblog.hu\/author\/emeskeremeke\/","title":"\u00d3rarend","html":"<p>Egy nagyon reggeli \u00f3r\u00e1ban Man\u00f3 becsattogott a h\u00e1l\u00f3ba teljes felh\u00e1borod\u00e1ssal. \"Hol van az \u00f3rarend, amit \u00edrtam?\" - k\u00e9rdezte. \"A konyh\u00e1ban\" - v\u00e1laszoltam szinte m\u00e9g f\u00e9l\u00e1lomban. \"Musz\u00e1j betennem a t\u00e1sk\u00e1mba, tudnom kell, milyen \u00f3ra k\u00f6vetkezik!\"<\/p>\r\n<p>Ekkor fogalmaz\u00f3dott meg bennem egy \u00fajabb \u00f3rarend gy\u00e1rt\u00e1sa. Mert \u00fagy t\u0171nik, nem el\u00e9g a tolltart\u00f3j\u00e1ba \u00edrt, plusz a konyh\u00e1ban a h\u0171t\u0151re kif\u00fcggesztett \u00f3rarend, az \u00edr\u00f3asztal\u00e1ra is kell egyet gy\u00e1rtanom. Mivel nincs fali\u00fajs\u00e1g az asztala f\u00f6l\u00f6tt, amire kit\u0171zhetn\u00e9nk pl. az \u00f3rarendet, egy \u00fajabb pap\u00edr alap\u00fat pedig nem szerettem volna, \u00edgy m\u00e1s alapanyagb\u00f3l gondoltam megalkotni.<\/p>\r\n<p>Mivel mindannyian nagyon szeretj\u00fck a legot, \u00edgy egy\u00e9rtelm\u0171 volt, hogy kocka\u00f3rarendet fogok k\u00e9sz\u00edteni.<\/p>\r\n<p>El\u0151sz\u00f6r is sz\u00e1mba vettem, Man\u00f3nak h\u00e1ny tant\u00e1rgya \u00e9s azokb\u00f3l h\u00e1ny \u00f3r\u00e1ja van ebben az \u00faj tan\u00e9vben, majd a h\u00e1zi legok\u00e9szletet f\u00e9s\u00fcltem \u00e1t megfelel\u0151 sz\u00e1m\u00fa \u00e9s sz\u00edn\u0171 kock\u00e1k\u00e9rt. Amib\u0151l nem volt el\u00e9g, beszereztem a Lego Store \u00fczletben.<\/p>\r\n<p><img class=\"aligncenter size-medium wp-image-415\" src=\"https:\/\/emeskeremeke.cafeblog.hu\/files\/2017\/09\/20170928_095042-300x225.jpg\" alt=\"\" width=\"300\" height=\"225\" \/><\/p>\r\n<p>Ezut\u00e1n elk\u00e9sz\u00edtettem az \u00f3rarendet, majd matric\u00e1ra kinyomtattam. T\u00f6bbf\u00e9le verzi\u00f3t is szerkesztettem, v\u00e9g\u00fcl amellett d\u00f6nt\u00f6ttem, amelyen a bet\u0171k sz\u00edne ugyanolyan, mint a tant\u00e1rgyhoz v\u00e1lasztott kock\u00e1\u00e9.<\/p>\r\n<p><img class=\"aligncenter size-medium wp-image-414\" src=\"https:\/\/emeskeremeke.cafeblog.hu\/files\/2017\/09\/orarend-page-001-273x300.jpg\" alt=\"\" width=\"273\" height=\"300\" \/><\/p>\r\n<p>A matric\u00e1kat egyenk\u00e9nt felragasztgattam a kock\u00e1kra...<\/p>\r\n<p><img class=\"aligncenter size-medium wp-image-418\" src=\"https:\/\/emeskeremeke.cafeblog.hu\/files\/2017\/09\/20170928_104338-300x225.jpg\" alt=\"\" width=\"300\" height=\"225\" \/><\/p>\r\n<p>...majd \u00f6ssze\u00e1ll\u00edtottam a heti \u00f3rarendet.<\/p>\r\n<p><img class=\"aligncenter size-medium wp-image-419\" src=\"https:\/\/emeskeremeke.cafeblog.hu\/files\/2017\/09\/20170928_132420-300x225.jpg\" alt=\"\" width=\"300\" height=\"225\" \/><\/p>\r\n<p>Man\u00f3nak tetszik \u00e9s \u00edgy biztosan tudni fogja, milyen \u00f3r\u00e1ja lesz m\u00e1snap!<\/p>\r\n<p><img class=\"aligncenter size-medium wp-image-420\" src=\"https:\/\/emeskeremeke.cafeblog.hu\/files\/2017\/09\/20170928_132522-300x225.jpg\" alt=\"\" width=\"300\" height=\"225\" \/><\/p>\r\n<p>Megtetszett... Megcsin\u00e1ltam... 3.<\/p>","type":"rich"}